{"id":2990,"date":"2015-07-25T18:17:40","date_gmt":"2015-07-25T21:17:40","guid":{"rendered":"http:\/\/www.difusorabd.com.br\/site\/?page_id=2990"},"modified":"2023-12-27T10:09:41","modified_gmt":"2023-12-27T13:09:41","slug":"institucional","status":"publish","type":"page","link":"https:\/\/www.difusorabd.com.br\/site\/institucional\/","title":{"rendered":"Institucional"},"content":{"rendered":"<section class=\"wpb-content-wrapper\"><p>[vc_row][vc_column]<div class=\" stcode_title2\"><h3><span class=\"line\"><\/span><span class=\"line2\"><\/span><span class=\"text\">Difusora <strong>Bondespachense<\/strong><\/span><\/h3><\/div>[vc_column_text]<\/p>\n<p>Uma das emissoras mais antigas da regi\u00e3o, a R\u00e1dio Difusora Bondespachense \u00e9 transmitida na frequ\u00eancia modulada FM 91.1 e conta com uma programa\u00e7\u00e3o voltada para cultura, informa\u00e7\u00e3o, esportes, presta\u00e7\u00e3o de servi\u00e7os e entretenimento. Confira um pouco de nossa hist\u00f3ria.<\/p>\n<p>Embora a sua funda\u00e7\u00e3o remonte a 1948, s\u00f3 entrou no ar em 30 de abril de 1950 ainda em prec\u00e1rias condi\u00e7\u00f5es, inicialmente na Rua Fl\u00e1vio Can\u00e7ado Filho com Rua Capivari, ao lado do antigo Hotel Xavier. Funcionou por cinco anos e depois foi desativada, s\u00f3 reabrindo no ano de 1965, quando houve altera\u00e7\u00e3o de sociedade an\u00f4nima para limitada. Nesta segunda fase, entrou no ar dia 18 de setembro de 1965, funcionando na frequ\u00eancia AM com apenas 100 watts. Algum tempo depois passou para 250 watts e em 1986 atingiu os 1000 watts. Acompanhando o processo tecnol\u00f3gico da \u00e9poca, a Difusora chegou a funcionar em amplitude modulada com pot\u00eancia de 2500 watts.<\/p>\n<p>Em todos esses anos de funcionamento, a emissora transitou da Rua Fl\u00e1vio Can\u00e7ado Filho para a Rua Dr. Jos\u00e9 Gon\u00e7alves. Depois foi novamente para a Rua Fl\u00e1vio Can\u00e7ado n\u00b0325. Em seguida foi para a Rua Lambari, esquina com Pra\u00e7a da Matriz. De l\u00e1 se transferiu para a Rua Dr. Jos\u00e9 Gon\u00e7alves n\u00ba 17, onde funciona atualmente.<\/p>\n<p>Ap\u00f3s o processo de migra\u00e7\u00e3o, a R\u00e1dio Difusora Bondespachense passou a funcionar no FM 91.1 em 13 de Dezembro de 2022.<\/p>\n<h4>Credibilidade<\/h4>\n<figure id=\"attachment_2996\" aria-describedby=\"caption-attachment-2996\" style=\"width: 450px\" class=\"wp-caption alignright\"><a href=\"http:\/\/www.difusorabd.com.br\/site\/wp-content\/uploads\/2015\/07\/estudio-difusora.jpg\"><img loading=\"lazy\" decoding=\"async\" class=\"wp-image-2996 size-full\" src=\"https:\/\/www.difusorabd.com.br\/site\/wp-content\/uploads\/2015\/07\/estudio-difusora.jpg\" alt=\"Est\u00fadio Difusora atualmente\" width=\"450\" height=\"252\" srcset=\"https:\/\/www.difusorabd.com.br\/site\/wp-content\/uploads\/2015\/07\/estudio-difusora.jpg 450w, https:\/\/www.difusorabd.com.br\/site\/wp-content\/uploads\/2015\/07\/estudio-difusora-300x168.jpg 300w\" sizes=\"(max-width: 450px) 100vw, 450px\" \/><\/a><figcaption id=\"caption-attachment-2996\" class=\"wp-caption-text\">Est\u00fadio Difusora FM<\/figcaption><\/figure>\n<p>Com ampla audi\u00eancia, a R\u00c1DIO DIFUSORA BONDESPACHENSE \u00e9 fonte segura de informa\u00e7\u00f5es e sua companheira fiel do dia a dia.<\/p>\n<p>Ao longo de todo esse tempo, conquistamos com orgulho o reconhecimento dos ouvintes, a credibilidade na propaga\u00e7\u00e3o dos fatos e a confian\u00e7a de nossos clientes. Sempre com uma programa\u00e7\u00e3o sintonizada com os desejos, aspira\u00e7\u00f5es e necessidades do ouvinte, valorizando-o ao m\u00e1ximo na melhor express\u00e3o de respeito, com profissionalismo e \u00e9tica.<\/p>\n<p>Al\u00e9m de Bom Despacho, muitas cidades ouvem a\u00a0<strong>DIFUSORA<\/strong>: Abaet\u00e9, Ara\u00fajos, Dores do Indai\u00e1, Leandro Ferreira, Luz, Martinho Campos, Moema, Nova Serrana, Perdig\u00e3o, Pitangui, Santo Ant\u00f4nio do Monte e demais cidades da regi\u00e3o.<\/p>\n<p>Ou\u00e7a a Difusora FM 91.1 e sinta a diferen\u00e7a!!!<\/p>\n<h4>\u00a0<\/h4>\n<p>[\/vc_column_text][\/vc_column][\/vc_row]<\/p>\n<\/section>","protected":false},"excerpt":{"rendered":"<p>[vc_row][vc_column][vc_column_text] Uma das emissoras mais antigas da regi\u00e3o, a R\u00e1dio Difusora Bondespachense \u00e9 transmitida na frequ\u00eancia modulada FM 91.1 e conta com uma programa\u00e7\u00e3o voltada para cultura, informa\u00e7\u00e3o, esportes, presta\u00e7\u00e3o de servi\u00e7os e entretenimento. Confira um pouco de nossa hist\u00f3ria. Embora a sua funda\u00e7\u00e3o remonte a 1948, s\u00f3 entrou no ar em 30 de abril [&hellip;]<\/p>\n","protected":false},"author":1,"featured_media":0,"parent":0,"menu_order":0,"comment_status":"open","ping_status":"open","template":"","meta":{"footnotes":""},"yoast_head":"<!-- This site is optimized with the Yoast SEO plugin v21.7 - https:\/\/yoast.com\/wordpress\/plugins\/seo\/ -->\n<title>Institucional | R\u00e1dio Difusora Bondespachense<\/title>\n<meta name=\"description\" content=\"Conhe\u00e7a a hist\u00f3ria de uma das mais tradicionais r\u00e1dios do interior de Minas Gerais, R\u00e1dio Difusora Bondespachense AM 1540.\" \/>\n<meta name=\"robots\" content=\"index, follow, max-snippet:-1, max-image-preview:large, max-video-preview:-1\" \/>\n<link rel=\"canonical\" href=\"https:\/\/www.difusorabd.com.br\/site\/institucional\/\" \/>\n<meta property=\"og:locale\" content=\"pt_BR\" \/>\n<meta property=\"og:type\" content=\"article\" \/>\n<meta property=\"og:title\" content=\"Institucional | R\u00e1dio Difusora Bondespachense\" \/>\n<meta property=\"og:description\" content=\"Conhe\u00e7a a hist\u00f3ria de uma das mais tradicionais r\u00e1dios do interior de Minas Gerais, R\u00e1dio Difusora Bondespachense AM 1540.\" \/>\n<meta property=\"og:url\" content=\"https:\/\/www.difusorabd.com.br\/site\/institucional\/\" \/>\n<meta property=\"og:site_name\" content=\"R\u00e1dio Difusora Bondespachense\" \/>\n<meta property=\"article:modified_time\" content=\"2023-12-27T13:09:41+00:00\" \/>\n<meta property=\"og:image\" content=\"http:\/\/www.difusorabd.com.br\/site\/wp-content\/uploads\/2014\/12\/radiodifusora.png\" \/>\n<meta name=\"twitter:card\" content=\"summary_large_image\" \/>\n<meta name=\"twitter:title\" content=\"Institucional | R\u00e1dio Difusora Bondespachense\" \/>\n<meta name=\"twitter:description\" content=\"Conhe\u00e7a a hist\u00f3ria de uma das mais tradicionais r\u00e1dios do interior de Minas Gerais, R\u00e1dio Difusora Bondespachense AM 1540.\" \/>\n<meta name=\"twitter:image\" content=\"http:\/\/www.difusorabd.com.br\/site\/wp-content\/uploads\/2014\/12\/radiodifusora.png\" \/>\n<meta name=\"twitter:label1\" content=\"Est. tempo de leitura\" \/>\n\t<meta name=\"twitter:data1\" content=\"3 minutos\" \/>\n<script type=\"application\/ld+json\" class=\"yoast-schema-graph\">{\"@context\":\"https:\/\/schema.org\",\"@graph\":[{\"@type\":\"WebPage\",\"@id\":\"https:\/\/www.difusorabd.com.br\/site\/institucional\/\",\"url\":\"https:\/\/www.difusorabd.com.br\/site\/institucional\/\",\"name\":\"Institucional | R\u00e1dio Difusora Bondespachense\",\"isPartOf\":{\"@id\":\"https:\/\/www.difusorabd.com.br\/site\/#website\"},\"datePublished\":\"2015-07-25T21:17:40+00:00\",\"dateModified\":\"2023-12-27T13:09:41+00:00\",\"description\":\"Conhe\u00e7a a hist\u00f3ria de uma das mais tradicionais r\u00e1dios do interior de Minas Gerais, R\u00e1dio Difusora Bondespachense AM 1540.\",\"breadcrumb\":{\"@id\":\"https:\/\/www.difusorabd.com.br\/site\/institucional\/#breadcrumb\"},\"inLanguage\":\"pt-BR\",\"potentialAction\":[{\"@type\":\"ReadAction\",\"target\":[\"https:\/\/www.difusorabd.com.br\/site\/institucional\/\"]}]},{\"@type\":\"BreadcrumbList\",\"@id\":\"https:\/\/www.difusorabd.com.br\/site\/institucional\/#breadcrumb\",\"itemListElement\":[{\"@type\":\"ListItem\",\"position\":1,\"name\":\"In\u00edcio\",\"item\":\"https:\/\/www.difusorabd.com.br\/site\/\"},{\"@type\":\"ListItem\",\"position\":2,\"name\":\"Institucional\"}]},{\"@type\":\"WebSite\",\"@id\":\"https:\/\/www.difusorabd.com.br\/site\/#website\",\"url\":\"https:\/\/www.difusorabd.com.br\/site\/\",\"name\":\"R\u00e1dio Difusora Bondespachense\",\"description\":\"Bom Despacho\/MG\",\"potentialAction\":[{\"@type\":\"SearchAction\",\"target\":{\"@type\":\"EntryPoint\",\"urlTemplate\":\"https:\/\/www.difusorabd.com.br\/site\/?s={search_term_string}\"},\"query-input\":\"required name=search_term_string\"}],\"inLanguage\":\"pt-BR\"}]}<\/script>\n<!-- \/ Yoast SEO plugin. -->","yoast_head_json":{"title":"Institucional | R\u00e1dio Difusora Bondespachense","description":"Conhe\u00e7a a hist\u00f3ria de uma das mais tradicionais r\u00e1dios do interior de Minas Gerais, R\u00e1dio Difusora Bondespachense AM 1540.","robots":{"index":"index","follow":"follow","max-snippet":"max-snippet:-1","max-image-preview":"max-image-preview:large","max-video-preview":"max-video-preview:-1"},"canonical":"https:\/\/www.difusorabd.com.br\/site\/institucional\/","og_locale":"pt_BR","og_type":"article","og_title":"Institucional | R\u00e1dio Difusora Bondespachense","og_description":"Conhe\u00e7a a hist\u00f3ria de uma das mais tradicionais r\u00e1dios do interior de Minas Gerais, R\u00e1dio Difusora Bondespachense AM 1540.","og_url":"https:\/\/www.difusorabd.com.br\/site\/institucional\/","og_site_name":"R\u00e1dio Difusora Bondespachense","article_modified_time":"2023-12-27T13:09:41+00:00","og_image":[{"url":"http:\/\/www.difusorabd.com.br\/site\/wp-content\/uploads\/2014\/12\/radiodifusora.png"}],"twitter_card":"summary_large_image","twitter_title":"Institucional | R\u00e1dio Difusora Bondespachense","twitter_description":"Conhe\u00e7a a hist\u00f3ria de uma das mais tradicionais r\u00e1dios do interior de Minas Gerais, R\u00e1dio Difusora Bondespachense AM 1540.","twitter_image":"http:\/\/www.difusorabd.com.br\/site\/wp-content\/uploads\/2014\/12\/radiodifusora.png","twitter_misc":{"Est. tempo de leitura":"3 minutos"},"schema":{"@context":"https:\/\/schema.org","@graph":[{"@type":"WebPage","@id":"https:\/\/www.difusorabd.com.br\/site\/institucional\/","url":"https:\/\/www.difusorabd.com.br\/site\/institucional\/","name":"Institucional | R\u00e1dio Difusora Bondespachense","isPartOf":{"@id":"https:\/\/www.difusorabd.com.br\/site\/#website"},"datePublished":"2015-07-25T21:17:40+00:00","dateModified":"2023-12-27T13:09:41+00:00","description":"Conhe\u00e7a a hist\u00f3ria de uma das mais tradicionais r\u00e1dios do interior de Minas Gerais, R\u00e1dio Difusora Bondespachense AM 1540.","breadcrumb":{"@id":"https:\/\/www.difusorabd.com.br\/site\/institucional\/#breadcrumb"},"inLanguage":"pt-BR","potentialAction":[{"@type":"ReadAction","target":["https:\/\/www.difusorabd.com.br\/site\/institucional\/"]}]},{"@type":"BreadcrumbList","@id":"https:\/\/www.difusorabd.com.br\/site\/institucional\/#breadcrumb","itemListElement":[{"@type":"ListItem","position":1,"name":"In\u00edcio","item":"https:\/\/www.difusorabd.com.br\/site\/"},{"@type":"ListItem","position":2,"name":"Institucional"}]},{"@type":"WebSite","@id":"https:\/\/www.difusorabd.com.br\/site\/#website","url":"https:\/\/www.difusorabd.com.br\/site\/","name":"R\u00e1dio Difusora Bondespachense","description":"Bom Despacho\/MG","potentialAction":[{"@type":"SearchAction","target":{"@type":"EntryPoint","urlTemplate":"https:\/\/www.difusorabd.com.br\/site\/?s={search_term_string}"},"query-input":"required name=search_term_string"}],"inLanguage":"pt-BR"}]}},"_links":{"self":[{"href":"https:\/\/www.difusorabd.com.br\/site\/wp-json\/wp\/v2\/pages\/2990"}],"collection":[{"href":"https:\/\/www.difusorabd.com.br\/site\/wp-json\/wp\/v2\/pages"}],"about":[{"href":"https:\/\/www.difusorabd.com.br\/site\/wp-json\/wp\/v2\/types\/page"}],"author":[{"embeddable":true,"href":"https:\/\/www.difusorabd.com.br\/site\/wp-json\/wp\/v2\/users\/1"}],"replies":[{"embeddable":true,"href":"https:\/\/www.difusorabd.com.br\/site\/wp-json\/wp\/v2\/comments?post=2990"}],"version-history":[{"count":80,"href":"https:\/\/www.difusorabd.com.br\/site\/wp-json\/wp\/v2\/pages\/2990\/revisions"}],"predecessor-version":[{"id":5448,"href":"https:\/\/www.difusorabd.com.br\/site\/wp-json\/wp\/v2\/pages\/2990\/revisions\/5448"}],"wp:attachment":[{"href":"https:\/\/www.difusorabd.com.br\/site\/wp-json\/wp\/v2\/media?parent=2990"}],"curies":[{"name":"wp","href":"https:\/\/api.w.org\/{rel}","templated":true}]}}