{"id":3102,"date":"2015-07-29T14:09:06","date_gmt":"2015-07-29T17:09:06","guid":{"rendered":"http:\/\/www.difusorabd.com.br\/site\/?page_id=3102"},"modified":"2023-12-22T11:05:57","modified_gmt":"2023-12-22T14:05:57","slug":"programacao","status":"publish","type":"page","link":"https:\/\/www.difusorabd.com.br\/site\/programacao\/","title":{"rendered":"Programa\u00e7\u00e3o"},"content":{"rendered":"<section class=\"wpb-content-wrapper\"><p>[vc_row][vc_column]<div class=\" stcode_title2\"><h3><span class=\"line\"><\/span><span class=\"line2\"><\/span><span class=\"text\">Programa\u00e7\u00e3o <strong>Difusora<\/strong><\/span><\/h3><\/div>[vc_column_text]<\/p>\n<table border=\"5\" width=\"100%\">\n<tbody>\n<tr>\n<td>\n<h4><strong>Segunda \u00e0 Sexta:<\/strong><\/h4>\n<p><strong>00:00 \u00e0s 05:00<\/strong>\u00a0\u00a0&#8211;\u00a0 Madrugada Difusora<br \/>\n<strong> 05:00 \u00e0s 06:00<\/strong>\u00a0\u00a0&#8211;\u00a0 Bom Dia Sert\u00e3o \u2013 C\u00e9lio S\u00e9rgio<br \/>\n<strong> 06:00 \u00e0s 06:10<\/strong>\u00a0\u00a0&#8211;\u00a0 Consagra\u00e7\u00e3o a Nossa Senhora Aparecida<br \/>\n<strong> 06:10 \u00e0s 07:00<\/strong>\u00a0\u00a0&#8211;\u00a0 Bom dia Sert\u00e3o\u00a0 \u2013 C\u00e9lio S\u00e9rgio<br \/>\n<strong> 07:00 \u00e0s 08:00<\/strong>\u00a0\u00a0&#8211;\u00a0 Na Beira do Rancho \u2013 C\u00e9lio S\u00e9rgio<br \/>\n<strong> 08:00 \u00e0s 10:00<\/strong>\u00a0\u00a0&#8211;\u00a0 Variedades Musicais \u2013 Kallifa<br \/>\n<strong> 10:00 \u00e0s 11:00<\/strong>\u00a0\u00a0&#8211;\u00a0\u00a0Disco da Juventude \u2013 C\u00e9lio S\u00e9rgio<br \/>\n<strong> 11:00 \u00e0s 12:00<\/strong>\u00a0\u00a0&#8211;\u00a0 Mesa Esportiva \u2013 Equipe de Esportes<br \/>\n<strong> 12:00 \u00e0s 12:15<\/strong>\u00a0\u00a0&#8211;\u00a0 A Voz da Par\u00f3quia<br \/>\n<strong> 12:15 \u00e0s 15:00<\/strong>\u00a0\u00a0&#8211;\u00a0 Tarde de Sucessos &#8211;\u00a0Kallifa<br \/>\n<strong> 15:00 \u00e0s\u00a017:00<\/strong>\u00a0 &#8211;\u00a0 Parad\u00e3o Sertanejo &#8211; Kallifa<br \/>\n<strong> 17:00 \u00e0s 18:00<\/strong>\u00a0\u00a0&#8211;\u00a0 Tarde Sertaneja \u2013\u00a0 Fernando Santos<br \/>\n<strong> 18:00 \u00e0s 18:05<\/strong>\u00a0\u00a0&#8211;\u00a0 A Hora do Angelus<br \/>\n<strong> 18:05 \u00e0s 19:00<\/strong>\u00a0\u00a0&#8211;\u00a0 Anoitecer no Sert\u00e3o \u2013\u00a0 Fernando Santos<br \/>\n<strong> 19:00 \u00e0s 20:00<\/strong>\u00a0\u00a0&#8211;\u00a0 A Voz do Brasil<br \/>\n<strong> 20:00 \u00e0s 22:00<\/strong>\u00a0\u00a0&#8211;\u00a0 Festa na Ro\u00e7a \u2013 Fernando Santos<br \/>\n<strong> 22:00 \u00e0s 22:30<\/strong>\u00a0\u00a0&#8211;\u00a0 Momento de Reflex\u00e3o<br \/>\n<strong> 22:30 \u00e0s 00:00<\/strong>\u00a0\u00a0&#8211;\u00a0 Momento Rom\u00e2ntico<\/p>\n<\/td>\n<td>\n<h4><strong>S\u00e1bado:<\/strong><\/h4>\n<p><strong>00:00 \u00e0s 05:00<\/strong>\u00a0 &#8211;\u00a0 Madrugada Difusora<br \/>\n<strong> 05:00 \u00e0s 06:00<\/strong>\u00a0 &#8211;\u00a0 Bom Dia Sert\u00e3o \u2013 C\u00e9lio S\u00e9rgio<br \/>\n<strong> 06:00 \u00e0s 06:10<\/strong>\u00a0 &#8211;\u00a0 Consagra\u00e7\u00e3o a Nossa Senhora Aparecida<br \/>\n<strong> 06:10 \u00e0s 07:00<\/strong>\u00a0 &#8211;\u00a0 Bom dia Sert\u00e3o \u2013 C\u00e9lio S\u00e9rgio<br \/>\n<strong> 07:00 \u00e0s 08:00<\/strong>\u00a0 &#8211;\u00a0 Na Beira do Rancho \u2013 C\u00e9lio S\u00e9rgio<br \/>\n<strong> 08:00 \u00e0s 12:00<\/strong>\u00a0 &#8211;\u00a0 S\u00e1bado de Sucessos \u2013\u00a0 Kallifa<br \/>\n<strong> 12:00 \u00e0s 12:15<\/strong>\u00a0 &#8211;\u00a0 A Voz da Par\u00f3quia<br \/>\n<strong> 12:15 \u00e0s 13:00<\/strong>\u00a0 &#8211;\u00a0 S\u00e1bado de Sucessos \u2013\u00a0 Kallifa<br \/>\n<strong> 13:00 \u00e0s 15:00<\/strong>\u00a0 &#8211;\u00a0 Show da Tarde \u2013 Fernando Santos<br \/>\n<strong> 15:00 \u00e0s 17:00<\/strong>\u00a0 &#8211;\u00a0 Roberto Carlos Especial \u00a0&#8211; Carlos Roberto do Couto<br \/>\n<strong> 17:00 \u00e0s 18:00<\/strong>\u00a0 &#8211;\u00a0 Sertanejo Bom Demais &#8211;\u00a0 Carlos Roberto do Couto<br \/>\n<strong> 18:00 \u00e0s 18:05<\/strong>\u00a0 &#8211;\u00a0 \u00a0A Hora do Angelus<br \/>\n<strong> 18:05 \u00e0s 19:00<\/strong>\u00a0 &#8211;\u00a0 Anoitecer no Sert\u00e3o \u2013 Carlos Roberto do Couto<br \/>\n<strong> 19:00 \u00e0s 20:30<\/strong>\u00a0 &#8211;\u00a0 Especial de S\u00e1bado \u2013 Fernando Santos<br \/>\n<strong> 20:30 \u00e1s 22:00<\/strong>\u00a0 &#8211;\u00a0 Festa na Ro\u00e7a \u2013 Fernando Santos<br \/>\n<strong> 22:00 \u00e0s 22:30<\/strong>\u00a0 &#8211;\u00a0 Momento de Reflex\u00e3o<br \/>\n<strong> 22:30 \u00e0s 00:00<\/strong>\u00a0 &#8211;\u00a0 Momento Rom\u00e2ntico<\/p>\n<\/td>\n<td>\n<h4><strong>Domingo:<\/strong><\/h4>\n<p><strong>00:00 \u00e0s 05:00<\/strong>\u00a0 &#8211;\u00a0 Madrugada Difusora<br \/>\n<strong> 05:00 \u00e0s 06:00<\/strong>\u00a0 &#8211;\u00a0 Bom Dia Sert\u00e3o \u2013 C\u00e9lio S\u00e9rgio<br \/>\n<strong> 06:00 \u00e0s 06:10<\/strong>\u00a0 &#8211;\u00a0 Consagra\u00e7\u00e3o a Nossa Senhora Aparecida<br \/>\n<strong> 06:10 \u00e0s 07:00<\/strong>\u00a0\u00a0&#8211; Na Beira do Rancho \u2013 C\u00e9lio S\u00e9rgio<br \/>\n<strong> 07:00 \u00e0s 08:00<\/strong>\u00a0 &#8211;\u00a0 Santa Missa \u2013 Igreja Matriz<br \/>\n<strong> 08:00 \u00e0s 10:00<\/strong>\u00a0 &#8211;\u00a0 Domingos de Sucessos &#8211; C\u00e9lio S\u00e9rgio<br \/>\n<strong> 10:00 \u00e0s 12:00<\/strong> \u00a0&#8211; Show de Domingo<br \/>\n<strong> 12:00 \u00e0s 12:15<\/strong>\u00a0\u00a0&#8211; A Voz da Par\u00f3quia<br \/>\n<strong> 12:15 \u00e0s 17:00<\/strong>\u00a0\u00a0&#8211; Show de Domingo<br \/>\n<strong> 17:00 \u00e0s 18:00<\/strong>\u00a0\u00a0&#8211; Tarde Sertaneja<br \/>\n<strong> 18:00 \u00e0s 18:05<\/strong>\u00a0 &#8211; A Hora do Angelus<br \/>\n<strong> 18:05 \u00e0s 19:00<\/strong>\u00a0 &#8211;\u00a0 Anoitecer no Sert\u00e3o<br \/>\n<strong> 19:00 \u00e0s 20:00<\/strong>\u00a0\u00a0&#8211; Flash Back<br \/>\n<strong> 20:00 \u00e0s 22:00<\/strong>\u00a0 &#8211;\u00a0 Festa na Ro\u00e7a<br \/>\n<strong> 22:00 \u00e0s 00:00<\/strong>\u00a0\u00a0&#8211; Sintonia Musical<\/p>\n<\/td>\n<\/tr>\n<\/tbody>\n<\/table>\n<p>[\/vc_column_text][\/vc_column][\/vc_row]<\/p>\n<\/section>","protected":false},"excerpt":{"rendered":"<p>[vc_row][vc_column][vc_column_text] Segunda \u00e0 Sexta: 00:00 \u00e0s 05:00\u00a0\u00a0&#8211;\u00a0 Madrugada Difusora 05:00 \u00e0s 06:00\u00a0\u00a0&#8211;\u00a0 Bom Dia Sert\u00e3o \u2013 C\u00e9lio S\u00e9rgio 06:00 \u00e0s 06:10\u00a0\u00a0&#8211;\u00a0 Consagra\u00e7\u00e3o a Nossa Senhora Aparecida 06:10 \u00e0s 07:00\u00a0\u00a0&#8211;\u00a0 Bom dia Sert\u00e3o\u00a0 \u2013 C\u00e9lio S\u00e9rgio 07:00 \u00e0s 08:00\u00a0\u00a0&#8211;\u00a0 Na Beira do Rancho \u2013 C\u00e9lio S\u00e9rgio 08:00 \u00e0s 10:00\u00a0\u00a0&#8211;\u00a0 Variedades Musicais \u2013 Kallifa 10:00 \u00e0s 11:00\u00a0\u00a0&#8211;\u00a0\u00a0Disco [&hellip;]<\/p>\n","protected":false},"author":1,"featured_media":0,"parent":0,"menu_order":0,"comment_status":"open","ping_status":"open","template":"","meta":{"footnotes":""},"yoast_head":"<!-- This site is optimized with the Yoast SEO plugin v21.7 - https:\/\/yoast.com\/wordpress\/plugins\/seo\/ -->\n<title>Programa\u00e7\u00e3o | R\u00e1dio Difusora Bondespachense<\/title>\n<meta name=\"description\" content=\"Conhe\u00e7a a programa\u00e7\u00e3o da r\u00e1dio mais tradicional de Bom Despacho e regi\u00e3o. R\u00e1dio Difusora Bondespachense.\" \/>\n<meta name=\"robots\" content=\"index, follow, max-snippet:-1, max-image-preview:large, max-video-preview:-1\" \/>\n<link rel=\"canonical\" href=\"https:\/\/www.difusorabd.com.br\/site\/programacao\/\" \/>\n<meta property=\"og:locale\" content=\"pt_BR\" \/>\n<meta property=\"og:type\" content=\"article\" \/>\n<meta property=\"og:title\" content=\"Programa\u00e7\u00e3o | R\u00e1dio Difusora Bondespachense\" \/>\n<meta property=\"og:description\" content=\"Conhe\u00e7a a programa\u00e7\u00e3o da r\u00e1dio mais tradicional de Bom Despacho e regi\u00e3o. R\u00e1dio Difusora Bondespachense.\" \/>\n<meta property=\"og:url\" content=\"https:\/\/www.difusorabd.com.br\/site\/programacao\/\" \/>\n<meta property=\"og:site_name\" content=\"R\u00e1dio Difusora Bondespachense\" \/>\n<meta property=\"article:modified_time\" content=\"2023-12-22T14:05:57+00:00\" \/>\n<meta property=\"og:image\" content=\"http:\/\/www.difusorabd.com.br\/site\/wp-content\/uploads\/2014\/12\/radiodifusora.png\" \/>\n<meta name=\"twitter:card\" content=\"summary_large_image\" \/>\n<meta name=\"twitter:title\" content=\"Programa\u00e7\u00e3o | R\u00e1dio Difusora Bondespachense\" \/>\n<meta name=\"twitter:description\" content=\"Conhe\u00e7a a programa\u00e7\u00e3o da r\u00e1dio mais tradicional de Bom Despacho e regi\u00e3o. R\u00e1dio Difusora Bondespachense.\" \/>\n<meta name=\"twitter:image\" content=\"http:\/\/www.difusorabd.com.br\/site\/wp-content\/uploads\/2014\/12\/radiodifusora.png\" \/>\n<meta name=\"twitter:label1\" content=\"Est. tempo de leitura\" \/>\n\t<meta name=\"twitter:data1\" content=\"3 minutos\" \/>\n<script type=\"application\/ld+json\" class=\"yoast-schema-graph\">{\"@context\":\"https:\/\/schema.org\",\"@graph\":[{\"@type\":\"WebPage\",\"@id\":\"https:\/\/www.difusorabd.com.br\/site\/programacao\/\",\"url\":\"https:\/\/www.difusorabd.com.br\/site\/programacao\/\",\"name\":\"Programa\u00e7\u00e3o | R\u00e1dio Difusora Bondespachense\",\"isPartOf\":{\"@id\":\"https:\/\/www.difusorabd.com.br\/site\/#website\"},\"datePublished\":\"2015-07-29T17:09:06+00:00\",\"dateModified\":\"2023-12-22T14:05:57+00:00\",\"description\":\"Conhe\u00e7a a programa\u00e7\u00e3o da r\u00e1dio mais tradicional de Bom Despacho e regi\u00e3o. R\u00e1dio Difusora Bondespachense.\",\"breadcrumb\":{\"@id\":\"https:\/\/www.difusorabd.com.br\/site\/programacao\/#breadcrumb\"},\"inLanguage\":\"pt-BR\",\"potentialAction\":[{\"@type\":\"ReadAction\",\"target\":[\"https:\/\/www.difusorabd.com.br\/site\/programacao\/\"]}]},{\"@type\":\"BreadcrumbList\",\"@id\":\"https:\/\/www.difusorabd.com.br\/site\/programacao\/#breadcrumb\",\"itemListElement\":[{\"@type\":\"ListItem\",\"position\":1,\"name\":\"In\u00edcio\",\"item\":\"https:\/\/www.difusorabd.com.br\/site\/\"},{\"@type\":\"ListItem\",\"position\":2,\"name\":\"Programa\u00e7\u00e3o\"}]},{\"@type\":\"WebSite\",\"@id\":\"https:\/\/www.difusorabd.com.br\/site\/#website\",\"url\":\"https:\/\/www.difusorabd.com.br\/site\/\",\"name\":\"R\u00e1dio Difusora Bondespachense\",\"description\":\"Bom Despacho\/MG\",\"potentialAction\":[{\"@type\":\"SearchAction\",\"target\":{\"@type\":\"EntryPoint\",\"urlTemplate\":\"https:\/\/www.difusorabd.com.br\/site\/?s={search_term_string}\"},\"query-input\":\"required name=search_term_string\"}],\"inLanguage\":\"pt-BR\"}]}<\/script>\n<!-- \/ Yoast SEO plugin. -->","yoast_head_json":{"title":"Programa\u00e7\u00e3o | R\u00e1dio Difusora Bondespachense","description":"Conhe\u00e7a a programa\u00e7\u00e3o da r\u00e1dio mais tradicional de Bom Despacho e regi\u00e3o. R\u00e1dio Difusora Bondespachense.","robots":{"index":"index","follow":"follow","max-snippet":"max-snippet:-1","max-image-preview":"max-image-preview:large","max-video-preview":"max-video-preview:-1"},"canonical":"https:\/\/www.difusorabd.com.br\/site\/programacao\/","og_locale":"pt_BR","og_type":"article","og_title":"Programa\u00e7\u00e3o | R\u00e1dio Difusora Bondespachense","og_description":"Conhe\u00e7a a programa\u00e7\u00e3o da r\u00e1dio mais tradicional de Bom Despacho e regi\u00e3o. R\u00e1dio Difusora Bondespachense.","og_url":"https:\/\/www.difusorabd.com.br\/site\/programacao\/","og_site_name":"R\u00e1dio Difusora Bondespachense","article_modified_time":"2023-12-22T14:05:57+00:00","og_image":[{"url":"http:\/\/www.difusorabd.com.br\/site\/wp-content\/uploads\/2014\/12\/radiodifusora.png"}],"twitter_card":"summary_large_image","twitter_title":"Programa\u00e7\u00e3o | R\u00e1dio Difusora Bondespachense","twitter_description":"Conhe\u00e7a a programa\u00e7\u00e3o da r\u00e1dio mais tradicional de Bom Despacho e regi\u00e3o. R\u00e1dio Difusora Bondespachense.","twitter_image":"http:\/\/www.difusorabd.com.br\/site\/wp-content\/uploads\/2014\/12\/radiodifusora.png","twitter_misc":{"Est. tempo de leitura":"3 minutos"},"schema":{"@context":"https:\/\/schema.org","@graph":[{"@type":"WebPage","@id":"https:\/\/www.difusorabd.com.br\/site\/programacao\/","url":"https:\/\/www.difusorabd.com.br\/site\/programacao\/","name":"Programa\u00e7\u00e3o | R\u00e1dio Difusora Bondespachense","isPartOf":{"@id":"https:\/\/www.difusorabd.com.br\/site\/#website"},"datePublished":"2015-07-29T17:09:06+00:00","dateModified":"2023-12-22T14:05:57+00:00","description":"Conhe\u00e7a a programa\u00e7\u00e3o da r\u00e1dio mais tradicional de Bom Despacho e regi\u00e3o. R\u00e1dio Difusora Bondespachense.","breadcrumb":{"@id":"https:\/\/www.difusorabd.com.br\/site\/programacao\/#breadcrumb"},"inLanguage":"pt-BR","potentialAction":[{"@type":"ReadAction","target":["https:\/\/www.difusorabd.com.br\/site\/programacao\/"]}]},{"@type":"BreadcrumbList","@id":"https:\/\/www.difusorabd.com.br\/site\/programacao\/#breadcrumb","itemListElement":[{"@type":"ListItem","position":1,"name":"In\u00edcio","item":"https:\/\/www.difusorabd.com.br\/site\/"},{"@type":"ListItem","position":2,"name":"Programa\u00e7\u00e3o"}]},{"@type":"WebSite","@id":"https:\/\/www.difusorabd.com.br\/site\/#website","url":"https:\/\/www.difusorabd.com.br\/site\/","name":"R\u00e1dio Difusora Bondespachense","description":"Bom Despacho\/MG","potentialAction":[{"@type":"SearchAction","target":{"@type":"EntryPoint","urlTemplate":"https:\/\/www.difusorabd.com.br\/site\/?s={search_term_string}"},"query-input":"required name=search_term_string"}],"inLanguage":"pt-BR"}]}},"_links":{"self":[{"href":"https:\/\/www.difusorabd.com.br\/site\/wp-json\/wp\/v2\/pages\/3102"}],"collection":[{"href":"https:\/\/www.difusorabd.com.br\/site\/wp-json\/wp\/v2\/pages"}],"about":[{"href":"https:\/\/www.difusorabd.com.br\/site\/wp-json\/wp\/v2\/types\/page"}],"author":[{"embeddable":true,"href":"https:\/\/www.difusorabd.com.br\/site\/wp-json\/wp\/v2\/users\/1"}],"replies":[{"embeddable":true,"href":"https:\/\/www.difusorabd.com.br\/site\/wp-json\/wp\/v2\/comments?post=3102"}],"version-history":[{"count":22,"href":"https:\/\/www.difusorabd.com.br\/site\/wp-json\/wp\/v2\/pages\/3102\/revisions"}],"predecessor-version":[{"id":5427,"href":"https:\/\/www.difusorabd.com.br\/site\/wp-json\/wp\/v2\/pages\/3102\/revisions\/5427"}],"wp:attachment":[{"href":"https:\/\/www.difusorabd.com.br\/site\/wp-json\/wp\/v2\/media?parent=3102"}],"curies":[{"name":"wp","href":"https:\/\/api.w.org\/{rel}","templated":true}]}}